{"id":76,"date":"2017-06-22T22:46:26","date_gmt":"2017-06-22T20:46:26","guid":{"rendered":"http:\/\/www.toulousenordfc.com\/?page_id=76"},"modified":"2019-12-22T16:20:23","modified_gmt":"2019-12-22T15:20:23","slug":"equipe-1","status":"publish","type":"page","link":"https:\/\/www.toulousenordfc.com\/index.php\/equipe-1\/","title":{"rendered":"D\u00c9PARTEMENTALE 3"},"content":{"rendered":"<p><img loading=\"lazy\" class=\"alignleft wp-image-1437 size-full\" src=\"https:\/\/www.toulousenordfc.com\/wp-content\/uploads\/2019\/12\/IMG_0753.jpg\" alt=\"\" width=\"6000\" height=\"4000\" srcset=\"https:\/\/www.toulousenordfc.com\/wp-content\/uploads\/2019\/12\/IMG_0753.jpg 6000w, https:\/\/www.toulousenordfc.com\/wp-content\/uploads\/2019\/12\/IMG_0753-300x200.jpg 300w, https:\/\/www.toulousenordfc.com\/wp-content\/uploads\/2019\/12\/IMG_0753-768x512.jpg 768w, https:\/\/www.toulousenordfc.com\/wp-content\/uploads\/2019\/12\/IMG_0753-1024x683.jpg 1024w, https:\/\/www.toulousenordfc.com\/wp-content\/uploads\/2019\/12\/IMG_0753-128x85.jpg 128w, https:\/\/www.toulousenordfc.com\/wp-content\/uploads\/2019\/12\/IMG_0753-32x21.jpg 32w\" sizes=\"(max-width: 6000px) 100vw, 6000px\" \/><\/p>\n<h6><\/h6>\n<h6><span style=\"color: #000000;\"><strong>Entra\u00eeneur<\/strong><\/span> <span style=\"color: #ff0000;\">Guillaume WIDMER <\/span><span style=\"color: #000000;\">&#8211; <strong>Entra\u00eeneur<\/strong> <strong>des Gardiens <\/strong><\/span><span style=\"color: #ff0000;\">\u00c9ric LOBB<\/span><\/h6>\n<h6 style=\"text-align: right;\"><strong><a href=\"https:\/\/www.toulousenordfc.com\/index.php\/effectif-d3\/\"><span style=\"color: #0000ff;\">EFFECTIF<\/span><\/a><\/strong><\/h6>\n<h6 style=\"text-align: right;\"><strong><a href=\"https:\/\/www.toulousenordfc.com\/index.php\/calendar\/calendrier-senior-1\/\"><span style=\"color: #0000ff;\">CALENDRIER COMPLET<\/span> <\/a><\/strong><\/h6>\n<div class=\"sportspress sp-widget-align-left\"><h4 class=\"sp-table-caption\">DERNIER MATCH<\/h4><div class=\"sp-template sp-template-event-blocks\">\n\t<div class=\"sp-table-wrapper\">\n\t\t<table class=\"sp-event-blocks sp-data-table sp-paginated-table\" data-sp-rows=\"5\">\n\t\t\t<thead><tr><th><\/th><\/tr><\/thead> \t\t\t<tbody>\n\t\t\t\t\t\t\t\t\t<tr class=\"sp-row sp-post alternate\">\n\t\t\t\t\t\t<td>\n\t\t\t\t\t\t\t<span class=\"team-logo logo-odd\" title=\"TOULOUSE NORD FC\"><img width=\"128\" height=\"128\" src=\"https:\/\/www.toulousenordfc.com\/wp-content\/uploads\/2017\/06\/Logo_TNFC-128x128.png\" class=\"attachment-sportspress-fit-icon size-sportspress-fit-icon wp-post-image\" alt=\"\" loading=\"lazy\" srcset=\"https:\/\/www.toulousenordfc.com\/wp-content\/uploads\/2017\/06\/Logo_TNFC-128x128.png 128w, https:\/\/www.toulousenordfc.com\/wp-content\/uploads\/2017\/06\/Logo_TNFC-150x150.png 150w, https:\/\/www.toulousenordfc.com\/wp-content\/uploads\/2017\/06\/Logo_TNFC-300x300.png 300w, https:\/\/www.toulousenordfc.com\/wp-content\/uploads\/2017\/06\/Logo_TNFC-768x768.png 768w, https:\/\/www.toulousenordfc.com\/wp-content\/uploads\/2017\/06\/Logo_TNFC-32x32.png 32w, https:\/\/www.toulousenordfc.com\/wp-content\/uploads\/2017\/06\/Logo_TNFC.png 1024w\" sizes=\"(max-width: 128px) 100vw, 128px\" \/><\/span> <span class=\"team-logo logo-even\" title=\"JS PRADETTES 2\"><img width=\"119\" height=\"128\" src=\"https:\/\/www.toulousenordfc.com\/wp-content\/uploads\/2018\/11\/PRADETTES-119x128.png\" class=\"attachment-sportspress-fit-icon size-sportspress-fit-icon wp-post-image\" alt=\"\" loading=\"lazy\" srcset=\"https:\/\/www.toulousenordfc.com\/wp-content\/uploads\/2018\/11\/PRADETTES-119x128.png 119w, https:\/\/www.toulousenordfc.com\/wp-content\/uploads\/2018\/11\/PRADETTES-279x300.png 279w, https:\/\/www.toulousenordfc.com\/wp-content\/uploads\/2018\/11\/PRADETTES-30x32.png 30w, https:\/\/www.toulousenordfc.com\/wp-content\/uploads\/2018\/11\/PRADETTES.png 298w\" sizes=\"(max-width: 119px) 100vw, 119px\" \/><\/span>\t\t\t\t\t\t\t<time class=\"sp-event-date\" datetime=\"2020-04-25 20:00:02\">\n\t\t\t\t\t\t\t\t<a href=\"https:\/\/www.toulousenordfc.com\/index.php\/event\/tnfc-vs-js-pradettes-2\/\">25\/04\/2020<\/a>\t\t\t\t\t\t\t<\/time>\n\t\t\t\t\t\t\t<h5 class=\"sp-event-results\">\n\t\t\t\t\t\t\t\t<a href=\"https:\/\/www.toulousenordfc.com\/index.php\/event\/tnfc-vs-js-pradettes-2\/\"><span class=\"sp-result\">20:00<\/span><\/a>\t\t\t\t\t\t\t<\/h5>\n\t\t\t\t\t\t\t\t\t\t\t\t\t\t\t\t\t\t\t\t\t\t\t\t\t\t\t\t<h4 class=\"sp-event-title\">\n\t\t\t\t\t\t\t\t<a href=\"https:\/\/www.toulousenordfc.com\/index.php\/event\/tnfc-vs-js-pradettes-2\/\">TNFC vs JS Pradettes 2<\/a>\t\t\t\t\t\t\t<\/h4>\n\n\t\t\t\t\t\t<\/td>\n\t\t\t\t\t<\/tr>\n\t\t\t\t\t\t\t\t<\/tbody>\n\t\t<\/table>\n\t<\/div>\n\t<\/div><\/div>\n<div class=\"sportspress sp-widget-align-right\"><h4 class=\"sp-table-caption\">PROCHAIN MATCH<\/h4><div class=\"sp-template sp-template-event-blocks\">\n\t<div class=\"sp-table-wrapper\">\n\t\t<table class=\"sp-event-blocks sp-data-table sp-paginated-table\" data-sp-rows=\"5\">\n\t\t\t<thead><tr><th><\/th><\/tr><\/thead> \t\t\t<tbody>\n\t\t\t\t\t\t\t<\/tbody>\n\t\t<\/table>\n\t<\/div>\n\t<\/div><\/div>\n<h6 style=\"text-align: right;\"><\/h6>\n<div class=\"sportspress sp-widget-align-none\"><div class=\"sp-template sp-template-league-table\">\n\t<h4 class=\"sp-table-caption\">CLASSEMENT<\/h4><div class=\"sp-table-wrapper\"><table class=\"sp-league-table sp-data-table sp-sortable-table sp-scrollable-table sp-paginated-table\" data-sp-rows=\"12\"><thead><tr><th class=\"data-rank\">Pos<\/th><th class=\"data-name\">Club<\/th><th class=\"data-p\">J<\/th><th class=\"data-w\">V<\/th><th class=\"data-d\">N<\/th><th class=\"data-l\">D<\/th><th class=\"data-f\">P<\/th><th class=\"data-a\">C<\/th><th class=\"data-gd\">DB<\/th><th class=\"data-pts\">Pts<\/th><\/tr><\/thead><tbody><tr class=\"odd sp-row-no-0\"><td class=\"data-rank\">1<\/td><td class=\"data-name has-logo\"><span class=\"team-logo\"><img width=\"128\" height=\"128\" src=\"https:\/\/www.toulousenordfc.com\/wp-content\/uploads\/2017\/06\/Logo_TNFC-128x128.png\" class=\"attachment-sportspress-fit-icon size-sportspress-fit-icon wp-post-image\" alt=\"\" loading=\"lazy\" srcset=\"https:\/\/www.toulousenordfc.com\/wp-content\/uploads\/2017\/06\/Logo_TNFC-128x128.png 128w, https:\/\/www.toulousenordfc.com\/wp-content\/uploads\/2017\/06\/Logo_TNFC-150x150.png 150w, https:\/\/www.toulousenordfc.com\/wp-content\/uploads\/2017\/06\/Logo_TNFC-300x300.png 300w, https:\/\/www.toulousenordfc.com\/wp-content\/uploads\/2017\/06\/Logo_TNFC-768x768.png 768w, https:\/\/www.toulousenordfc.com\/wp-content\/uploads\/2017\/06\/Logo_TNFC-32x32.png 32w, https:\/\/www.toulousenordfc.com\/wp-content\/uploads\/2017\/06\/Logo_TNFC.png 1024w\" sizes=\"(max-width: 128px) 100vw, 128px\" \/><\/span>TOULOUSE NORD FC<\/td><td class=\"data-p\">60<\/td><td class=\"data-w\">37<\/td><td class=\"data-d\">9<\/td><td class=\"data-l\">14<\/td><td class=\"data-f\">155<\/td><td class=\"data-a\">93<\/td><td class=\"data-gd\">62<\/td><td class=\"data-pts\">120<\/td><\/tr><tr class=\"even sp-row-no-1\"><td class=\"data-rank\">2<\/td><td class=\"data-name has-logo\"><span class=\"team-logo\"><img width=\"128\" height=\"128\" src=\"https:\/\/www.toulousenordfc.com\/wp-content\/uploads\/2017\/06\/Logo_TNFC-128x128.png\" class=\"attachment-sportspress-fit-icon size-sportspress-fit-icon wp-post-image\" alt=\"\" loading=\"lazy\" srcset=\"https:\/\/www.toulousenordfc.com\/wp-content\/uploads\/2017\/06\/Logo_TNFC-128x128.png 128w, https:\/\/www.toulousenordfc.com\/wp-content\/uploads\/2017\/06\/Logo_TNFC-150x150.png 150w, https:\/\/www.toulousenordfc.com\/wp-content\/uploads\/2017\/06\/Logo_TNFC-300x300.png 300w, https:\/\/www.toulousenordfc.com\/wp-content\/uploads\/2017\/06\/Logo_TNFC-768x768.png 768w, https:\/\/www.toulousenordfc.com\/wp-content\/uploads\/2017\/06\/Logo_TNFC-32x32.png 32w, https:\/\/www.toulousenordfc.com\/wp-content\/uploads\/2017\/06\/Logo_TNFC.png 1024w\" sizes=\"(max-width: 128px) 100vw, 128px\" \/><\/span>TOULOUSE NORD FC 2<\/td><td class=\"data-p\">31<\/td><td class=\"data-w\">14<\/td><td class=\"data-d\">6<\/td><td class=\"data-l\">11<\/td><td class=\"data-f\">72<\/td><td class=\"data-a\">58<\/td><td class=\"data-gd\">14<\/td><td class=\"data-pts\">48<\/td><\/tr><tr class=\"odd sp-row-no-2\"><td class=\"data-rank\">3<\/td><td class=\"data-name has-logo\"><span class=\"team-logo\"><img width=\"128\" height=\"128\" src=\"https:\/\/www.toulousenordfc.com\/wp-content\/uploads\/2017\/06\/Logo_TNFC-128x128.png\" class=\"attachment-sportspress-fit-icon size-sportspress-fit-icon wp-post-image\" alt=\"\" loading=\"lazy\" srcset=\"https:\/\/www.toulousenordfc.com\/wp-content\/uploads\/2017\/06\/Logo_TNFC-128x128.png 128w, https:\/\/www.toulousenordfc.com\/wp-content\/uploads\/2017\/06\/Logo_TNFC-150x150.png 150w, https:\/\/www.toulousenordfc.com\/wp-content\/uploads\/2017\/06\/Logo_TNFC-300x300.png 300w, https:\/\/www.toulousenordfc.com\/wp-content\/uploads\/2017\/06\/Logo_TNFC-768x768.png 768w, https:\/\/www.toulousenordfc.com\/wp-content\/uploads\/2017\/06\/Logo_TNFC-32x32.png 32w, https:\/\/www.toulousenordfc.com\/wp-content\/uploads\/2017\/06\/Logo_TNFC.png 1024w\" sizes=\"(max-width: 128px) 100vw, 128px\" \/><\/span>TOULOUSE NORD FC (U15)<\/td><td class=\"data-p\">21<\/td><td class=\"data-w\">13<\/td><td class=\"data-d\">3<\/td><td class=\"data-l\">5<\/td><td class=\"data-f\">58<\/td><td class=\"data-a\">30<\/td><td class=\"data-gd\">28<\/td><td class=\"data-pts\">42<\/td><\/tr><tr class=\"even sp-row-no-3\"><td class=\"data-rank\">4<\/td><td class=\"data-name has-logo\"><span class=\"team-logo\"><img width=\"128\" height=\"128\" src=\"https:\/\/www.toulousenordfc.com\/wp-content\/uploads\/2017\/06\/Logo_TNFC-128x128.png\" class=\"attachment-sportspress-fit-icon size-sportspress-fit-icon wp-post-image\" alt=\"\" loading=\"lazy\" srcset=\"https:\/\/www.toulousenordfc.com\/wp-content\/uploads\/2017\/06\/Logo_TNFC-128x128.png 128w, https:\/\/www.toulousenordfc.com\/wp-content\/uploads\/2017\/06\/Logo_TNFC-150x150.png 150w, https:\/\/www.toulousenordfc.com\/wp-content\/uploads\/2017\/06\/Logo_TNFC-300x300.png 300w, https:\/\/www.toulousenordfc.com\/wp-content\/uploads\/2017\/06\/Logo_TNFC-768x768.png 768w, https:\/\/www.toulousenordfc.com\/wp-content\/uploads\/2017\/06\/Logo_TNFC-32x32.png 32w, https:\/\/www.toulousenordfc.com\/wp-content\/uploads\/2017\/06\/Logo_TNFC.png 1024w\" sizes=\"(max-width: 128px) 100vw, 128px\" \/><\/span>TOULOUSE NORD FC (U13)<\/td><td class=\"data-p\">11<\/td><td class=\"data-w\">4<\/td><td class=\"data-d\">5<\/td><td class=\"data-l\">2<\/td><td class=\"data-f\">10<\/td><td class=\"data-a\">4<\/td><td class=\"data-gd\">6<\/td><td class=\"data-pts\">17<\/td><\/tr><tr class=\"odd sp-row-no-4\"><td class=\"data-rank\">5<\/td><td class=\"data-name has-logo\"><span class=\"team-logo\"><img width=\"128\" height=\"116\" src=\"https:\/\/www.toulousenordfc.com\/wp-content\/uploads\/2018\/10\/POUVOURVILLE-128x116.png\" class=\"attachment-sportspress-fit-icon size-sportspress-fit-icon wp-post-image\" alt=\"\" loading=\"lazy\" srcset=\"https:\/\/www.toulousenordfc.com\/wp-content\/uploads\/2018\/10\/POUVOURVILLE-128x116.png 128w, https:\/\/www.toulousenordfc.com\/wp-content\/uploads\/2018\/10\/POUVOURVILLE-300x273.png 300w, https:\/\/www.toulousenordfc.com\/wp-content\/uploads\/2018\/10\/POUVOURVILLE-768x699.png 768w, https:\/\/www.toulousenordfc.com\/wp-content\/uploads\/2018\/10\/POUVOURVILLE-32x29.png 32w, https:\/\/www.toulousenordfc.com\/wp-content\/uploads\/2018\/10\/POUVOURVILLE.png 851w\" sizes=\"(max-width: 128px) 100vw, 128px\" \/><\/span>US POUVOURVILLE  3<\/td><td class=\"data-p\">4<\/td><td class=\"data-w\">2<\/td><td class=\"data-d\">1<\/td><td class=\"data-l\">1<\/td><td class=\"data-f\">10<\/td><td class=\"data-a\">6<\/td><td class=\"data-gd\">4<\/td><td class=\"data-pts\">7<\/td><\/tr><tr class=\"even sp-row-no-5\"><td class=\"data-rank\">6<\/td><td class=\"data-name has-logo\"><span class=\"team-logo\"><img width=\"128\" height=\"128\" src=\"https:\/\/www.toulousenordfc.com\/wp-content\/uploads\/2018\/10\/AS_Hersoise-128x128.png\" class=\"attachment-sportspress-fit-icon size-sportspress-fit-icon wp-post-image\" alt=\"\" loading=\"lazy\" srcset=\"https:\/\/www.toulousenordfc.com\/wp-content\/uploads\/2018\/10\/AS_Hersoise-128x128.png 128w, https:\/\/www.toulousenordfc.com\/wp-content\/uploads\/2018\/10\/AS_Hersoise-150x150.png 150w, https:\/\/www.toulousenordfc.com\/wp-content\/uploads\/2018\/10\/AS_Hersoise-297x300.png 297w, https:\/\/www.toulousenordfc.com\/wp-content\/uploads\/2018\/10\/AS_Hersoise-300x300.png 300w, https:\/\/www.toulousenordfc.com\/wp-content\/uploads\/2018\/10\/AS_Hersoise-32x32.png 32w, https:\/\/www.toulousenordfc.com\/wp-content\/uploads\/2018\/10\/AS_Hersoise.png 460w\" sizes=\"(max-width: 128px) 100vw, 128px\" \/><\/span>AS HERSOISE<\/td><td class=\"data-p\">4<\/td><td class=\"data-w\">2<\/td><td class=\"data-d\">1<\/td><td class=\"data-l\">1<\/td><td class=\"data-f\">4<\/td><td class=\"data-a\">9<\/td><td class=\"data-gd\">-5<\/td><td class=\"data-pts\">7<\/td><\/tr><tr class=\"odd sp-row-no-6\"><td class=\"data-rank\">7<\/td><td class=\"data-name has-logo\"><span class=\"team-logo\"><img width=\"88\" height=\"128\" src=\"https:\/\/www.toulousenordfc.com\/wp-content\/uploads\/2018\/10\/Toulouse_Football_Sud-88x128.jpg\" class=\"attachment-sportspress-fit-icon size-sportspress-fit-icon wp-post-image\" alt=\"\" loading=\"lazy\" srcset=\"https:\/\/www.toulousenordfc.com\/wp-content\/uploads\/2018\/10\/Toulouse_Football_Sud-88x128.jpg 88w, https:\/\/www.toulousenordfc.com\/wp-content\/uploads\/2018\/10\/Toulouse_Football_Sud-22x32.jpg 22w, https:\/\/www.toulousenordfc.com\/wp-content\/uploads\/2018\/10\/Toulouse_Football_Sud.jpg 148w\" sizes=\"(max-width: 88px) 100vw, 88px\" \/><\/span>Toulouse FS<\/td><td class=\"data-p\">2<\/td><td class=\"data-w\">2<\/td><td class=\"data-d\">0<\/td><td class=\"data-l\">0<\/td><td class=\"data-f\">4<\/td><td class=\"data-a\">0<\/td><td class=\"data-gd\">4<\/td><td class=\"data-pts\">6<\/td><\/tr><tr class=\"even sp-row-no-7\"><td class=\"data-rank\">8<\/td><td class=\"data-name has-logo\"><span class=\"team-logo\"><img width=\"110\" height=\"128\" src=\"https:\/\/www.toulousenordfc.com\/wp-content\/uploads\/2018\/10\/TCMS-110x128.jpg\" class=\"attachment-sportspress-fit-icon size-sportspress-fit-icon wp-post-image\" alt=\"\" loading=\"lazy\" srcset=\"https:\/\/www.toulousenordfc.com\/wp-content\/uploads\/2018\/10\/TCMS-110x128.jpg 110w, https:\/\/www.toulousenordfc.com\/wp-content\/uploads\/2018\/10\/TCMS-258x300.jpg 258w, https:\/\/www.toulousenordfc.com\/wp-content\/uploads\/2018\/10\/TCMS-27x32.jpg 27w, https:\/\/www.toulousenordfc.com\/wp-content\/uploads\/2018\/10\/TCMS.jpg 506w\" sizes=\"(max-width: 110px) 100vw, 110px\" \/><\/span>T.C.M.S.<\/td><td class=\"data-p\">2<\/td><td class=\"data-w\">1<\/td><td class=\"data-d\">1<\/td><td class=\"data-l\">0<\/td><td class=\"data-f\">6<\/td><td class=\"data-a\">3<\/td><td class=\"data-gd\">3<\/td><td class=\"data-pts\">4<\/td><\/tr><tr class=\"odd sp-row-no-8\"><td class=\"data-rank\">9<\/td><td class=\"data-name has-logo\"><span class=\"team-logo\"><img width=\"114\" height=\"128\" src=\"https:\/\/www.toulousenordfc.com\/wp-content\/uploads\/2018\/10\/Merville_FC-114x128.jpg\" class=\"attachment-sportspress-fit-icon size-sportspress-fit-icon wp-post-image\" alt=\"\" loading=\"lazy\" srcset=\"https:\/\/www.toulousenordfc.com\/wp-content\/uploads\/2018\/10\/Merville_FC-114x128.jpg 114w, https:\/\/www.toulousenordfc.com\/wp-content\/uploads\/2018\/10\/Merville_FC-267x300.jpg 267w, https:\/\/www.toulousenordfc.com\/wp-content\/uploads\/2018\/10\/Merville_FC-29x32.jpg 29w, https:\/\/www.toulousenordfc.com\/wp-content\/uploads\/2018\/10\/Merville_FC.jpg 490w\" sizes=\"(max-width: 114px) 100vw, 114px\" \/><\/span>Merville FC<\/td><td class=\"data-p\">2<\/td><td class=\"data-w\">1<\/td><td class=\"data-d\">1<\/td><td class=\"data-l\">0<\/td><td class=\"data-f\">2<\/td><td class=\"data-a\">1<\/td><td class=\"data-gd\">1<\/td><td class=\"data-pts\">4<\/td><\/tr><tr class=\"even sp-row-no-9\"><td class=\"data-rank\">10<\/td><td class=\"data-name has-logo\"><span class=\"team-logo\"><img width=\"128\" height=\"128\" src=\"https:\/\/www.toulousenordfc.com\/wp-content\/uploads\/2017\/10\/ASPTT-GD-TLSE-128x128.png\" class=\"attachment-sportspress-fit-icon size-sportspress-fit-icon wp-post-image\" alt=\"\" loading=\"lazy\" srcset=\"https:\/\/www.toulousenordfc.com\/wp-content\/uploads\/2017\/10\/ASPTT-GD-TLSE-128x128.png 128w, https:\/\/www.toulousenordfc.com\/wp-content\/uploads\/2017\/10\/ASPTT-GD-TLSE-150x150.png 150w, https:\/\/www.toulousenordfc.com\/wp-content\/uploads\/2017\/10\/ASPTT-GD-TLSE-32x32.png 32w, https:\/\/www.toulousenordfc.com\/wp-content\/uploads\/2017\/10\/ASPTT-GD-TLSE.png 236w\" sizes=\"(max-width: 128px) 100vw, 128px\" \/><\/span>ASPTT GRAND TOULOUSE<\/td><td class=\"data-p\">3<\/td><td class=\"data-w\">1<\/td><td class=\"data-d\">1<\/td><td class=\"data-l\">1<\/td><td class=\"data-f\">5<\/td><td class=\"data-a\">10<\/td><td class=\"data-gd\">-5<\/td><td class=\"data-pts\">4<\/td><\/tr><tr class=\"odd sp-row-no-10\"><td class=\"data-rank\">11<\/td><td class=\"data-name has-logo\"><span class=\"team-logo\"><img width=\"115\" height=\"128\" src=\"https:\/\/www.toulousenordfc.com\/wp-content\/uploads\/2017\/10\/bouloc-170-115x128.png\" class=\"attachment-sportspress-fit-icon size-sportspress-fit-icon wp-post-image\" alt=\"\" loading=\"lazy\" srcset=\"https:\/\/www.toulousenordfc.com\/wp-content\/uploads\/2017\/10\/bouloc-170-115x128.png 115w, https:\/\/www.toulousenordfc.com\/wp-content\/uploads\/2017\/10\/bouloc-170-29x32.png 29w, https:\/\/www.toulousenordfc.com\/wp-content\/uploads\/2017\/10\/bouloc-170.png 153w\" sizes=\"(max-width: 115px) 100vw, 115px\" \/><\/span>US Bouloc St Sauveur Cepet<\/td><td class=\"data-p\">4<\/td><td class=\"data-w\">1<\/td><td class=\"data-d\">1<\/td><td class=\"data-l\">2<\/td><td class=\"data-f\">5<\/td><td class=\"data-a\">14<\/td><td class=\"data-gd\">-9<\/td><td class=\"data-pts\">4<\/td><\/tr><tr class=\"even sp-row-no-11\"><td class=\"data-rank\">12<\/td><td class=\"data-name has-logo\"><span class=\"team-logo\"><img width=\"76\" height=\"128\" src=\"https:\/\/www.toulousenordfc.com\/wp-content\/uploads\/2020\/01\/tmfc-76x128.png\" class=\"attachment-sportspress-fit-icon size-sportspress-fit-icon wp-post-image\" alt=\"\" loading=\"lazy\" srcset=\"https:\/\/www.toulousenordfc.com\/wp-content\/uploads\/2020\/01\/tmfc-76x128.png 76w, https:\/\/www.toulousenordfc.com\/wp-content\/uploads\/2020\/01\/tmfc-178x300.png 178w, https:\/\/www.toulousenordfc.com\/wp-content\/uploads\/2020\/01\/tmfc-19x32.png 19w, https:\/\/www.toulousenordfc.com\/wp-content\/uploads\/2020\/01\/tmfc.png 200w\" sizes=\"(max-width: 76px) 100vw, 76px\" \/><\/span>TOULOUSE M\u00c9TROPOLE FC<\/td><td class=\"data-p\">1<\/td><td class=\"data-w\">1<\/td><td class=\"data-d\">0<\/td><td class=\"data-l\">0<\/td><td class=\"data-f\">6<\/td><td class=\"data-a\">1<\/td><td class=\"data-gd\">5<\/td><td class=\"data-pts\">3<\/td><\/tr><\/tbody><\/table><\/div><\/div>\n<\/div>\n","protected":false},"excerpt":{"rendered":"<p>Entra\u00eeneur Guillaume WIDMER &#8211; Entra\u00eeneur des Gardiens \u00c9ric LOBB EFFECTIF CALENDRIER COMPLET<\/p>\n","protected":false},"author":1,"featured_media":0,"parent":0,"menu_order":0,"comment_status":"closed","ping_status":"closed","template":"template-fullwidth.php","meta":[],"_links":{"self":[{"href":"https:\/\/www.toulousenordfc.com\/index.php\/wp-json\/wp\/v2\/pages\/76"}],"collection":[{"href":"https:\/\/www.toulousenordfc.com\/index.php\/wp-json\/wp\/v2\/pages"}],"about":[{"href":"https:\/\/www.toulousenordfc.com\/index.php\/wp-json\/wp\/v2\/types\/page"}],"author":[{"embeddable":true,"href":"https:\/\/www.toulousenordfc.com\/index.php\/wp-json\/wp\/v2\/users\/1"}],"replies":[{"embeddable":true,"href":"https:\/\/www.toulousenordfc.com\/index.php\/wp-json\/wp\/v2\/comments?post=76"}],"version-history":[{"count":69,"href":"https:\/\/www.toulousenordfc.com\/index.php\/wp-json\/wp\/v2\/pages\/76\/revisions"}],"predecessor-version":[{"id":1790,"href":"https:\/\/www.toulousenordfc.com\/index.php\/wp-json\/wp\/v2\/pages\/76\/revisions\/1790"}],"wp:attachment":[{"href":"https:\/\/www.toulousenordfc.com\/index.php\/wp-json\/wp\/v2\/media?parent=76"}],"curies":[{"name":"wp","href":"https:\/\/api.w.org\/{rel}","templated":true}]}}